{"id":17459,"date":"2021-09-27T15:19:28","date_gmt":"2021-09-27T15:19:28","guid":{"rendered":"https:\/\/dev.fondazioneterzopilastrointernazionale.it\/?post_type=project&#038;p=17459"},"modified":"2023-05-04T13:34:02","modified_gmt":"2023-05-04T13:34:02","slug":"quayola-a-palazzo-cipolla","status":"publish","type":"project","link":"https:\/\/www.fondazioneterzopilastrointernazionale.it\/en\/project\/quayola-a-palazzo-cipolla\/","title":{"rendered":"<p>Quayola at Palazzo Cipolla<\/p>"},"content":{"rendered":"<div id=\"cmsmasters_row_4em4ws1eu3\" class=\"cmsmasters_row cmsmasters_color_scheme_default cmsmasters_row_top_default cmsmasters_row_bot_default cmsmasters_row_boxed\">\n<div class=\"cmsmasters_row_outer_parent\">\n<div class=\"cmsmasters_row_outer\">\n<div class=\"cmsmasters_row_inner\">\n<div class=\"cmsmasters_row_margin\">\n<div id=\"cmsmasters_column_xp52hqa5iy\" class=\"cmsmasters_column one_first\">\n<div class=\"cmsmasters_column_inner\"><div class=\"cmsmasters_text\">\n<p class=\"p1 translation-block\">Starting September 29<sup>th<\/sup>, Palazzo Cipolla in Rome will host Quayola\u2019s first major solo exhibition in the capital.<\/p>\n<p class=\"p1\">Quayola was born in Rome in 1982 and is one of the most important representatives of Media-Art at an international level. He belongs to that rare dynasty of art creators who, inventing their own personal expressive code and new artistic\/communicative language, re-mastered the history of art through their own visions.<\/p>\n<p class=\"p1\">This very first solo exhibition in Rome presents a overall panorama of the artist\u2019s creations through an immersive journey into the main themes of his Computational Art.<\/p>\n<p class=\"p1\">The historic building of Palazzo Cipolla is the ideal space to present the history of Quayola\u2019s creations, enlivened by a permanent confrontation between the artist\u2019s classical study and his daily use of the most futuristic means of visual expression. Created between 2007 and 2021, the works on display give us an overview of the his creative process, temporal passages, anticipated futures, and reconstructed pasts.<span class=\"Apple-converted-space\">&nbsp;<\/span><\/p>\n<p class=\"p1\">The exhibition project develops into three thematic areas: classical iconography, unfinished sculptures, and the tradition of landscape painting. <b>tre aree tematiche<\/b>: iconografia classica, sculture non finite, e tradizione della pittura di paesaggio.<\/p>\n<p class=\"p1\">Using robotic systems, Artificial Intelligence (AI), and generative software, Quayola transforms computational technology into a new palette: Renaissance and Baroque paintings are transformed into complex digital compositions through computational methods, and sculptures inspired by Michelangelo\u2019s technique of the unfinished come to life through robotics. These are followed by representations of nature: the product of a Generative Art that highlights the fascinating, even if paradoxical, similarity between the natural and digital worlds.<\/p>\n<p class=\"p1\">In front of video projections, sculptures, and high-definition prints, spectators get the chance to admire the incredible artistic potential of these vehicles of expression \u2013 far from the clich\u00e9s of a dehumanized technology \u2013 and also acquire instruments that are indispensable for interpreting our contemporary society.<\/p>\n<p class=\"p1\">\n<\/p><\/div>\n<div class=\"cmsmasters_text\">\n<p>&nbsp;<\/p>\n<\/div>\n<div class=\"cmsmasters_text\">\n<p>&nbsp;<\/p>\n<\/div>\n<div class=\"cmsmasters_content_slider_wrap\" style=\"max-width:px;\"><div id=\"cmsmasters_slider_joaeo1z6pg\" class=\"cmsmasters_owl_slider owl-carousel cmsmasters_content_slider\" data-auto-play=\"7000\" data-stop-on-hover=\"true\" data-rewind-nav=\"false\" data-slide-speed=\"600\" data-pagination-speed=\"600\" data-rewind-speed=\"1000\" data-transition-style=\"fade\" data-pagination=\"true\" data-navigation=\"true\"><div class=\"cmsmasters_owl_slider_item cmsmasters_content_slider_item\"><img width=\"2000\" height=\"1333\" src=\"https:\/\/www.fondazioneterzopilastrointernazionale.it\/wp-content\/uploads\/2021\/06\/Alessandro-Benvenuti-Fotografo-1.jpeg\" class=\"attachment-full size-full\" alt=\"\" loading=\"lazy\" srcset=\"https:\/\/www.fondazioneterzopilastrointernazionale.it\/wp-content\/uploads\/2021\/06\/Alessandro-Benvenuti-Fotografo-1.jpeg 2000w, https:\/\/www.fondazioneterzopilastrointernazionale.it\/wp-content\/uploads\/2021\/06\/Alessandro-Benvenuti-Fotografo-1-300x200.jpeg 300w, https:\/\/www.fondazioneterzopilastrointernazionale.it\/wp-content\/uploads\/2021\/06\/Alessandro-Benvenuti-Fotografo-1-1024x682.jpeg 1024w, https:\/\/www.fondazioneterzopilastrointernazionale.it\/wp-content\/uploads\/2021\/06\/Alessandro-Benvenuti-Fotografo-1-768x512.jpeg 768w, https:\/\/www.fondazioneterzopilastrointernazionale.it\/wp-content\/uploads\/2021\/06\/Alessandro-Benvenuti-Fotografo-1-1536x1024.jpeg 1536w, https:\/\/www.fondazioneterzopilastrointernazionale.it\/wp-content\/uploads\/2021\/06\/Alessandro-Benvenuti-Fotografo-1-580x387.jpeg 580w, https:\/\/www.fondazioneterzopilastrointernazionale.it\/wp-content\/uploads\/2021\/06\/Alessandro-Benvenuti-Fotografo-1-860x573.jpeg 860w, https:\/\/www.fondazioneterzopilastrointernazionale.it\/wp-content\/uploads\/2021\/06\/Alessandro-Benvenuti-Fotografo-1-1160x773.jpeg 1160w\" sizes=\"(max-width: 2000px) 100vw, 2000px\"><\/div><div class=\"cmsmasters_owl_slider_item cmsmasters_content_slider_item\"><img width=\"2000\" height=\"1333\" src=\"https:\/\/www.fondazioneterzopilastrointernazionale.it\/wp-content\/uploads\/2021\/06\/Alessandro-Benvenuti-Fotografo-2.jpeg\" class=\"attachment-full size-full\" alt=\"\" loading=\"lazy\" srcset=\"https:\/\/www.fondazioneterzopilastrointernazionale.it\/wp-content\/uploads\/2021\/06\/Alessandro-Benvenuti-Fotografo-2.jpeg 2000w, https:\/\/www.fondazioneterzopilastrointernazionale.it\/wp-content\/uploads\/2021\/06\/Alessandro-Benvenuti-Fotografo-2-300x200.jpeg 300w, https:\/\/www.fondazioneterzopilastrointernazionale.it\/wp-content\/uploads\/2021\/06\/Alessandro-Benvenuti-Fotografo-2-1024x682.jpeg 1024w, https:\/\/www.fondazioneterzopilastrointernazionale.it\/wp-content\/uploads\/2021\/06\/Alessandro-Benvenuti-Fotografo-2-768x512.jpeg 768w, https:\/\/www.fondazioneterzopilastrointernazionale.it\/wp-content\/uploads\/2021\/06\/Alessandro-Benvenuti-Fotografo-2-1536x1024.jpeg 1536w, https:\/\/www.fondazioneterzopilastrointernazionale.it\/wp-content\/uploads\/2021\/06\/Alessandro-Benvenuti-Fotografo-2-580x387.jpeg 580w, https:\/\/www.fondazioneterzopilastrointernazionale.it\/wp-content\/uploads\/2021\/06\/Alessandro-Benvenuti-Fotografo-2-860x573.jpeg 860w, https:\/\/www.fondazioneterzopilastrointernazionale.it\/wp-content\/uploads\/2021\/06\/Alessandro-Benvenuti-Fotografo-2-1160x773.jpeg 1160w\" sizes=\"(max-width: 2000px) 100vw, 2000px\"><\/div><div class=\"cmsmasters_owl_slider_item cmsmasters_content_slider_item\"><img width=\"2000\" height=\"1333\" src=\"https:\/\/www.fondazioneterzopilastrointernazionale.it\/wp-content\/uploads\/2021\/06\/Alessandro-Benvenuti-Fotografo-3.jpeg\" class=\"attachment-full size-full\" alt=\"\" loading=\"lazy\" srcset=\"https:\/\/www.fondazioneterzopilastrointernazionale.it\/wp-content\/uploads\/2021\/06\/Alessandro-Benvenuti-Fotografo-3.jpeg 2000w, https:\/\/www.fondazioneterzopilastrointernazionale.it\/wp-content\/uploads\/2021\/06\/Alessandro-Benvenuti-Fotografo-3-300x200.jpeg 300w, https:\/\/www.fondazioneterzopilastrointernazionale.it\/wp-content\/uploads\/2021\/06\/Alessandro-Benvenuti-Fotografo-3-1024x682.jpeg 1024w, https:\/\/www.fondazioneterzopilastrointernazionale.it\/wp-content\/uploads\/2021\/06\/Alessandro-Benvenuti-Fotografo-3-768x512.jpeg 768w, https:\/\/www.fondazioneterzopilastrointernazionale.it\/wp-content\/uploads\/2021\/06\/Alessandro-Benvenuti-Fotografo-3-1536x1024.jpeg 1536w, https:\/\/www.fondazioneterzopilastrointernazionale.it\/wp-content\/uploads\/2021\/06\/Alessandro-Benvenuti-Fotografo-3-580x387.jpeg 580w, https:\/\/www.fondazioneterzopilastrointernazionale.it\/wp-content\/uploads\/2021\/06\/Alessandro-Benvenuti-Fotografo-3-860x573.jpeg 860w, https:\/\/www.fondazioneterzopilastrointernazionale.it\/wp-content\/uploads\/2021\/06\/Alessandro-Benvenuti-Fotografo-3-1160x773.jpeg 1160w\" sizes=\"(max-width: 2000px) 100vw, 2000px\"><\/div><div class=\"cmsmasters_owl_slider_item cmsmasters_content_slider_item\"><img width=\"2000\" height=\"1333\" src=\"https:\/\/www.fondazioneterzopilastrointernazionale.it\/wp-content\/uploads\/2021\/06\/Alessandro-Benvenuti-Fotografo-4.jpeg\" class=\"attachment-full size-full\" alt=\"\" loading=\"lazy\" srcset=\"https:\/\/www.fondazioneterzopilastrointernazionale.it\/wp-content\/uploads\/2021\/06\/Alessandro-Benvenuti-Fotografo-4.jpeg 2000w, https:\/\/www.fondazioneterzopilastrointernazionale.it\/wp-content\/uploads\/2021\/06\/Alessandro-Benvenuti-Fotografo-4-300x200.jpeg 300w, https:\/\/www.fondazioneterzopilastrointernazionale.it\/wp-content\/uploads\/2021\/06\/Alessandro-Benvenuti-Fotografo-4-1024x682.jpeg 1024w, https:\/\/www.fondazioneterzopilastrointernazionale.it\/wp-content\/uploads\/2021\/06\/Alessandro-Benvenuti-Fotografo-4-768x512.jpeg 768w, https:\/\/www.fondazioneterzopilastrointernazionale.it\/wp-content\/uploads\/2021\/06\/Alessandro-Benvenuti-Fotografo-4-1536x1024.jpeg 1536w, https:\/\/www.fondazioneterzopilastrointernazionale.it\/wp-content\/uploads\/2021\/06\/Alessandro-Benvenuti-Fotografo-4-580x387.jpeg 580w, https:\/\/www.fondazioneterzopilastrointernazionale.it\/wp-content\/uploads\/2021\/06\/Alessandro-Benvenuti-Fotografo-4-860x573.jpeg 860w, https:\/\/www.fondazioneterzopilastrointernazionale.it\/wp-content\/uploads\/2021\/06\/Alessandro-Benvenuti-Fotografo-4-1160x773.jpeg 1160w\" sizes=\"(max-width: 2000px) 100vw, 2000px\"><\/div><div class=\"cmsmasters_owl_slider_item cmsmasters_content_slider_item\"><img width=\"2000\" height=\"2000\" src=\"https:\/\/www.fondazioneterzopilastrointernazionale.it\/wp-content\/uploads\/2021\/06\/Alessandro-Benvenuti-Fotografo-5.jpeg\" class=\"attachment-full size-full\" alt=\"\" loading=\"lazy\" srcset=\"https:\/\/www.fondazioneterzopilastrointernazionale.it\/wp-content\/uploads\/2021\/06\/Alessandro-Benvenuti-Fotografo-5.jpeg 2000w, https:\/\/www.fondazioneterzopilastrointernazionale.it\/wp-content\/uploads\/2021\/06\/Alessandro-Benvenuti-Fotografo-5-300x300.jpeg 300w, https:\/\/www.fondazioneterzopilastrointernazionale.it\/wp-content\/uploads\/2021\/06\/Alessandro-Benvenuti-Fotografo-5-1024x1024.jpeg 1024w, https:\/\/www.fondazioneterzopilastrointernazionale.it\/wp-content\/uploads\/2021\/06\/Alessandro-Benvenuti-Fotografo-5-150x150.jpeg 150w, https:\/\/www.fondazioneterzopilastrointernazionale.it\/wp-content\/uploads\/2021\/06\/Alessandro-Benvenuti-Fotografo-5-768x768.jpeg 768w, https:\/\/www.fondazioneterzopilastrointernazionale.it\/wp-content\/uploads\/2021\/06\/Alessandro-Benvenuti-Fotografo-5-1536x1536.jpeg 1536w, https:\/\/www.fondazioneterzopilastrointernazionale.it\/wp-content\/uploads\/2021\/06\/Alessandro-Benvenuti-Fotografo-5-180x180.jpeg 180w, https:\/\/www.fondazioneterzopilastrointernazionale.it\/wp-content\/uploads\/2021\/06\/Alessandro-Benvenuti-Fotografo-5-580x580.jpeg 580w, https:\/\/www.fondazioneterzopilastrointernazionale.it\/wp-content\/uploads\/2021\/06\/Alessandro-Benvenuti-Fotografo-5-860x860.jpeg 860w, https:\/\/www.fondazioneterzopilastrointernazionale.it\/wp-content\/uploads\/2021\/06\/Alessandro-Benvenuti-Fotografo-5-1160x1160.jpeg 1160w\" sizes=\"(max-width: 2000px) 100vw, 2000px\"><\/div><div class=\"cmsmasters_owl_slider_item cmsmasters_content_slider_item\"><img width=\"2000\" height=\"2000\" src=\"https:\/\/www.fondazioneterzopilastrointernazionale.it\/wp-content\/uploads\/2021\/06\/Alessandro-Benvenuti-Fotografo-6.jpeg\" class=\"attachment-full size-full\" alt=\"\" loading=\"lazy\" srcset=\"https:\/\/www.fondazioneterzopilastrointernazionale.it\/wp-content\/uploads\/2021\/06\/Alessandro-Benvenuti-Fotografo-6.jpeg 2000w, https:\/\/www.fondazioneterzopilastrointernazionale.it\/wp-content\/uploads\/2021\/06\/Alessandro-Benvenuti-Fotografo-6-300x300.jpeg 300w, https:\/\/www.fondazioneterzopilastrointernazionale.it\/wp-content\/uploads\/2021\/06\/Alessandro-Benvenuti-Fotografo-6-1024x1024.jpeg 1024w, https:\/\/www.fondazioneterzopilastrointernazionale.it\/wp-content\/uploads\/2021\/06\/Alessandro-Benvenuti-Fotografo-6-150x150.jpeg 150w, https:\/\/www.fondazioneterzopilastrointernazionale.it\/wp-content\/uploads\/2021\/06\/Alessandro-Benvenuti-Fotografo-6-768x768.jpeg 768w, https:\/\/www.fondazioneterzopilastrointernazionale.it\/wp-content\/uploads\/2021\/06\/Alessandro-Benvenuti-Fotografo-6-1536x1536.jpeg 1536w, https:\/\/www.fondazioneterzopilastrointernazionale.it\/wp-content\/uploads\/2021\/06\/Alessandro-Benvenuti-Fotografo-6-180x180.jpeg 180w, https:\/\/www.fondazioneterzopilastrointernazionale.it\/wp-content\/uploads\/2021\/06\/Alessandro-Benvenuti-Fotografo-6-580x580.jpeg 580w, https:\/\/www.fondazioneterzopilastrointernazionale.it\/wp-content\/uploads\/2021\/06\/Alessandro-Benvenuti-Fotografo-6-860x860.jpeg 860w, https:\/\/www.fondazioneterzopilastrointernazionale.it\/wp-content\/uploads\/2021\/06\/Alessandro-Benvenuti-Fotografo-6-1160x1160.jpeg 1160w\" sizes=\"(max-width: 2000px) 100vw, 2000px\"><\/div><div class=\"cmsmasters_owl_slider_item cmsmasters_content_slider_item\"><img width=\"2000\" height=\"2000\" src=\"https:\/\/www.fondazioneterzopilastrointernazionale.it\/wp-content\/uploads\/2021\/06\/Alessandro-Benvenuti-Fotografo-7.jpeg\" class=\"attachment-full size-full\" alt=\"\" loading=\"lazy\" srcset=\"https:\/\/www.fondazioneterzopilastrointernazionale.it\/wp-content\/uploads\/2021\/06\/Alessandro-Benvenuti-Fotografo-7.jpeg 2000w, https:\/\/www.fondazioneterzopilastrointernazionale.it\/wp-content\/uploads\/2021\/06\/Alessandro-Benvenuti-Fotografo-7-300x300.jpeg 300w, https:\/\/www.fondazioneterzopilastrointernazionale.it\/wp-content\/uploads\/2021\/06\/Alessandro-Benvenuti-Fotografo-7-1024x1024.jpeg 1024w, https:\/\/www.fondazioneterzopilastrointernazionale.it\/wp-content\/uploads\/2021\/06\/Alessandro-Benvenuti-Fotografo-7-150x150.jpeg 150w, https:\/\/www.fondazioneterzopilastrointernazionale.it\/wp-content\/uploads\/2021\/06\/Alessandro-Benvenuti-Fotografo-7-768x768.jpeg 768w, https:\/\/www.fondazioneterzopilastrointernazionale.it\/wp-content\/uploads\/2021\/06\/Alessandro-Benvenuti-Fotografo-7-1536x1536.jpeg 1536w, https:\/\/www.fondazioneterzopilastrointernazionale.it\/wp-content\/uploads\/2021\/06\/Alessandro-Benvenuti-Fotografo-7-180x180.jpeg 180w, https:\/\/www.fondazioneterzopilastrointernazionale.it\/wp-content\/uploads\/2021\/06\/Alessandro-Benvenuti-Fotografo-7-580x580.jpeg 580w, https:\/\/www.fondazioneterzopilastrointernazionale.it\/wp-content\/uploads\/2021\/06\/Alessandro-Benvenuti-Fotografo-7-860x860.jpeg 860w, https:\/\/www.fondazioneterzopilastrointernazionale.it\/wp-content\/uploads\/2021\/06\/Alessandro-Benvenuti-Fotografo-7-1160x1160.jpeg 1160w\" sizes=\"(max-width: 2000px) 100vw, 2000px\"><\/div><div class=\"cmsmasters_owl_slider_item cmsmasters_content_slider_item\"><img width=\"2000\" height=\"1333\" src=\"https:\/\/www.fondazioneterzopilastrointernazionale.it\/wp-content\/uploads\/2021\/06\/Alessandro-Benvenuti-Fotografo-8.jpeg\" class=\"attachment-full size-full\" alt=\"\" loading=\"lazy\" srcset=\"https:\/\/www.fondazioneterzopilastrointernazionale.it\/wp-content\/uploads\/2021\/06\/Alessandro-Benvenuti-Fotografo-8.jpeg 2000w, https:\/\/www.fondazioneterzopilastrointernazionale.it\/wp-content\/uploads\/2021\/06\/Alessandro-Benvenuti-Fotografo-8-300x200.jpeg 300w, https:\/\/www.fondazioneterzopilastrointernazionale.it\/wp-content\/uploads\/2021\/06\/Alessandro-Benvenuti-Fotografo-8-1024x682.jpeg 1024w, https:\/\/www.fondazioneterzopilastrointernazionale.it\/wp-content\/uploads\/2021\/06\/Alessandro-Benvenuti-Fotografo-8-768x512.jpeg 768w, https:\/\/www.fondazioneterzopilastrointernazionale.it\/wp-content\/uploads\/2021\/06\/Alessandro-Benvenuti-Fotografo-8-1536x1024.jpeg 1536w, https:\/\/www.fondazioneterzopilastrointernazionale.it\/wp-content\/uploads\/2021\/06\/Alessandro-Benvenuti-Fotografo-8-580x387.jpeg 580w, https:\/\/www.fondazioneterzopilastrointernazionale.it\/wp-content\/uploads\/2021\/06\/Alessandro-Benvenuti-Fotografo-8-860x573.jpeg 860w, https:\/\/www.fondazioneterzopilastrointernazionale.it\/wp-content\/uploads\/2021\/06\/Alessandro-Benvenuti-Fotografo-8-1160x773.jpeg 1160w\" sizes=\"(max-width: 2000px) 100vw, 2000px\"><\/div><div class=\"cmsmasters_owl_slider_item cmsmasters_content_slider_item\"><img width=\"2000\" height=\"2000\" src=\"https:\/\/www.fondazioneterzopilastrointernazionale.it\/wp-content\/uploads\/2021\/06\/Alessandro-Benvenuti-Fotografo-9.jpeg\" class=\"attachment-full size-full\" alt=\"\" loading=\"lazy\" srcset=\"https:\/\/www.fondazioneterzopilastrointernazionale.it\/wp-content\/uploads\/2021\/06\/Alessandro-Benvenuti-Fotografo-9.jpeg 2000w, https:\/\/www.fondazioneterzopilastrointernazionale.it\/wp-content\/uploads\/2021\/06\/Alessandro-Benvenuti-Fotografo-9-300x300.jpeg 300w, https:\/\/www.fondazioneterzopilastrointernazionale.it\/wp-content\/uploads\/2021\/06\/Alessandro-Benvenuti-Fotografo-9-1024x1024.jpeg 1024w, https:\/\/www.fondazioneterzopilastrointernazionale.it\/wp-content\/uploads\/2021\/06\/Alessandro-Benvenuti-Fotografo-9-150x150.jpeg 150w, https:\/\/www.fondazioneterzopilastrointernazionale.it\/wp-content\/uploads\/2021\/06\/Alessandro-Benvenuti-Fotografo-9-768x768.jpeg 768w, https:\/\/www.fondazioneterzopilastrointernazionale.it\/wp-content\/uploads\/2021\/06\/Alessandro-Benvenuti-Fotografo-9-1536x1536.jpeg 1536w, https:\/\/www.fondazioneterzopilastrointernazionale.it\/wp-content\/uploads\/2021\/06\/Alessandro-Benvenuti-Fotografo-9-180x180.jpeg 180w, https:\/\/www.fondazioneterzopilastrointernazionale.it\/wp-content\/uploads\/2021\/06\/Alessandro-Benvenuti-Fotografo-9-580x580.jpeg 580w, https:\/\/www.fondazioneterzopilastrointernazionale.it\/wp-content\/uploads\/2021\/06\/Alessandro-Benvenuti-Fotografo-9-860x860.jpeg 860w, https:\/\/www.fondazioneterzopilastrointernazionale.it\/wp-content\/uploads\/2021\/06\/Alessandro-Benvenuti-Fotografo-9-1160x1160.jpeg 1160w\" sizes=\"(max-width: 2000px) 100vw, 2000px\"><\/div><div class=\"cmsmasters_owl_slider_item cmsmasters_content_slider_item\"><img width=\"2000\" height=\"1333\" src=\"https:\/\/www.fondazioneterzopilastrointernazionale.it\/wp-content\/uploads\/2021\/06\/Alessandro-Benvenuti-Fotografo-10.jpeg\" class=\"attachment-full size-full\" alt=\"\" loading=\"lazy\" srcset=\"https:\/\/www.fondazioneterzopilastrointernazionale.it\/wp-content\/uploads\/2021\/06\/Alessandro-Benvenuti-Fotografo-10.jpeg 2000w, https:\/\/www.fondazioneterzopilastrointernazionale.it\/wp-content\/uploads\/2021\/06\/Alessandro-Benvenuti-Fotografo-10-300x200.jpeg 300w, https:\/\/www.fondazioneterzopilastrointernazionale.it\/wp-content\/uploads\/2021\/06\/Alessandro-Benvenuti-Fotografo-10-1024x682.jpeg 1024w, https:\/\/www.fondazioneterzopilastrointernazionale.it\/wp-content\/uploads\/2021\/06\/Alessandro-Benvenuti-Fotografo-10-768x512.jpeg 768w, https:\/\/www.fondazioneterzopilastrointernazionale.it\/wp-content\/uploads\/2021\/06\/Alessandro-Benvenuti-Fotografo-10-1536x1024.jpeg 1536w, https:\/\/www.fondazioneterzopilastrointernazionale.it\/wp-content\/uploads\/2021\/06\/Alessandro-Benvenuti-Fotografo-10-580x387.jpeg 580w, https:\/\/www.fondazioneterzopilastrointernazionale.it\/wp-content\/uploads\/2021\/06\/Alessandro-Benvenuti-Fotografo-10-860x573.jpeg 860w, https:\/\/www.fondazioneterzopilastrointernazionale.it\/wp-content\/uploads\/2021\/06\/Alessandro-Benvenuti-Fotografo-10-1160x773.jpeg 1160w\" sizes=\"(max-width: 2000px) 100vw, 2000px\"><\/div><div class=\"cmsmasters_owl_slider_item cmsmasters_content_slider_item\"><img width=\"2000\" height=\"1333\" src=\"https:\/\/www.fondazioneterzopilastrointernazionale.it\/wp-content\/uploads\/2021\/06\/Alessandro-Benvenuti-Fotografo-11.jpeg\" class=\"attachment-full size-full\" alt=\"\" loading=\"lazy\" srcset=\"https:\/\/www.fondazioneterzopilastrointernazionale.it\/wp-content\/uploads\/2021\/06\/Alessandro-Benvenuti-Fotografo-11.jpeg 2000w, https:\/\/www.fondazioneterzopilastrointernazionale.it\/wp-content\/uploads\/2021\/06\/Alessandro-Benvenuti-Fotografo-11-300x200.jpeg 300w, https:\/\/www.fondazioneterzopilastrointernazionale.it\/wp-content\/uploads\/2021\/06\/Alessandro-Benvenuti-Fotografo-11-1024x682.jpeg 1024w, https:\/\/www.fondazioneterzopilastrointernazionale.it\/wp-content\/uploads\/2021\/06\/Alessandro-Benvenuti-Fotografo-11-768x512.jpeg 768w, https:\/\/www.fondazioneterzopilastrointernazionale.it\/wp-content\/uploads\/2021\/06\/Alessandro-Benvenuti-Fotografo-11-1536x1024.jpeg 1536w, https:\/\/www.fondazioneterzopilastrointernazionale.it\/wp-content\/uploads\/2021\/06\/Alessandro-Benvenuti-Fotografo-11-580x387.jpeg 580w, https:\/\/www.fondazioneterzopilastrointernazionale.it\/wp-content\/uploads\/2021\/06\/Alessandro-Benvenuti-Fotografo-11-860x573.jpeg 860w, https:\/\/www.fondazioneterzopilastrointernazionale.it\/wp-content\/uploads\/2021\/06\/Alessandro-Benvenuti-Fotografo-11-1160x773.jpeg 1160w\" sizes=\"(max-width: 2000px) 100vw, 2000px\"><\/div><div class=\"cmsmasters_owl_slider_item cmsmasters_content_slider_item\"><img width=\"2000\" height=\"2000\" src=\"https:\/\/www.fondazioneterzopilastrointernazionale.it\/wp-content\/uploads\/2021\/06\/Alessandro-Benvenuti-Fotografo-12.jpeg\" class=\"attachment-full size-full\" alt=\"\" loading=\"lazy\" srcset=\"https:\/\/www.fondazioneterzopilastrointernazionale.it\/wp-content\/uploads\/2021\/06\/Alessandro-Benvenuti-Fotografo-12.jpeg 2000w, https:\/\/www.fondazioneterzopilastrointernazionale.it\/wp-content\/uploads\/2021\/06\/Alessandro-Benvenuti-Fotografo-12-300x300.jpeg 300w, https:\/\/www.fondazioneterzopilastrointernazionale.it\/wp-content\/uploads\/2021\/06\/Alessandro-Benvenuti-Fotografo-12-1024x1024.jpeg 1024w, https:\/\/www.fondazioneterzopilastrointernazionale.it\/wp-content\/uploads\/2021\/06\/Alessandro-Benvenuti-Fotografo-12-150x150.jpeg 150w, https:\/\/www.fondazioneterzopilastrointernazionale.it\/wp-content\/uploads\/2021\/06\/Alessandro-Benvenuti-Fotografo-12-768x768.jpeg 768w, https:\/\/www.fondazioneterzopilastrointernazionale.it\/wp-content\/uploads\/2021\/06\/Alessandro-Benvenuti-Fotografo-12-1536x1536.jpeg 1536w, https:\/\/www.fondazioneterzopilastrointernazionale.it\/wp-content\/uploads\/2021\/06\/Alessandro-Benvenuti-Fotografo-12-180x180.jpeg 180w, https:\/\/www.fondazioneterzopilastrointernazionale.it\/wp-content\/uploads\/2021\/06\/Alessandro-Benvenuti-Fotografo-12-580x580.jpeg 580w, https:\/\/www.fondazioneterzopilastrointernazionale.it\/wp-content\/uploads\/2021\/06\/Alessandro-Benvenuti-Fotografo-12-860x860.jpeg 860w, https:\/\/www.fondazioneterzopilastrointernazionale.it\/wp-content\/uploads\/2021\/06\/Alessandro-Benvenuti-Fotografo-12-1160x1160.jpeg 1160w\" sizes=\"(max-width: 2000px) 100vw, 2000px\"><\/div><div class=\"cmsmasters_owl_slider_item cmsmasters_content_slider_item\"><img width=\"2000\" height=\"1333\" src=\"https:\/\/www.fondazioneterzopilastrointernazionale.it\/wp-content\/uploads\/2021\/06\/Alessandro-Benvenuti-Fotografo-13.jpeg\" class=\"attachment-full size-full\" alt=\"\" loading=\"lazy\" srcset=\"https:\/\/www.fondazioneterzopilastrointernazionale.it\/wp-content\/uploads\/2021\/06\/Alessandro-Benvenuti-Fotografo-13.jpeg 2000w, https:\/\/www.fondazioneterzopilastrointernazionale.it\/wp-content\/uploads\/2021\/06\/Alessandro-Benvenuti-Fotografo-13-300x200.jpeg 300w, https:\/\/www.fondazioneterzopilastrointernazionale.it\/wp-content\/uploads\/2021\/06\/Alessandro-Benvenuti-Fotografo-13-1024x682.jpeg 1024w, https:\/\/www.fondazioneterzopilastrointernazionale.it\/wp-content\/uploads\/2021\/06\/Alessandro-Benvenuti-Fotografo-13-768x512.jpeg 768w, https:\/\/www.fondazioneterzopilastrointernazionale.it\/wp-content\/uploads\/2021\/06\/Alessandro-Benvenuti-Fotografo-13-1536x1024.jpeg 1536w, https:\/\/www.fondazioneterzopilastrointernazionale.it\/wp-content\/uploads\/2021\/06\/Alessandro-Benvenuti-Fotografo-13-580x387.jpeg 580w, https:\/\/www.fondazioneterzopilastrointernazionale.it\/wp-content\/uploads\/2021\/06\/Alessandro-Benvenuti-Fotografo-13-860x573.jpeg 860w, https:\/\/www.fondazioneterzopilastrointernazionale.it\/wp-content\/uploads\/2021\/06\/Alessandro-Benvenuti-Fotografo-13-1160x773.jpeg 1160w\" sizes=\"(max-width: 2000px) 100vw, 2000px\"><\/div><div class=\"cmsmasters_owl_slider_item cmsmasters_content_slider_item\"><img width=\"2000\" height=\"1333\" src=\"https:\/\/www.fondazioneterzopilastrointernazionale.it\/wp-content\/uploads\/2021\/06\/Alessandro-Benvenuti-Fotografo-14.jpeg\" class=\"attachment-full size-full\" alt=\"\" loading=\"lazy\" srcset=\"https:\/\/www.fondazioneterzopilastrointernazionale.it\/wp-content\/uploads\/2021\/06\/Alessandro-Benvenuti-Fotografo-14.jpeg 2000w, https:\/\/www.fondazioneterzopilastrointernazionale.it\/wp-content\/uploads\/2021\/06\/Alessandro-Benvenuti-Fotografo-14-300x200.jpeg 300w, https:\/\/www.fondazioneterzopilastrointernazionale.it\/wp-content\/uploads\/2021\/06\/Alessandro-Benvenuti-Fotografo-14-1024x682.jpeg 1024w, https:\/\/www.fondazioneterzopilastrointernazionale.it\/wp-content\/uploads\/2021\/06\/Alessandro-Benvenuti-Fotografo-14-768x512.jpeg 768w, https:\/\/www.fondazioneterzopilastrointernazionale.it\/wp-content\/uploads\/2021\/06\/Alessandro-Benvenuti-Fotografo-14-1536x1024.jpeg 1536w, https:\/\/www.fondazioneterzopilastrointernazionale.it\/wp-content\/uploads\/2021\/06\/Alessandro-Benvenuti-Fotografo-14-580x387.jpeg 580w, https:\/\/www.fondazioneterzopilastrointernazionale.it\/wp-content\/uploads\/2021\/06\/Alessandro-Benvenuti-Fotografo-14-860x573.jpeg 860w, https:\/\/www.fondazioneterzopilastrointernazionale.it\/wp-content\/uploads\/2021\/06\/Alessandro-Benvenuti-Fotografo-14-1160x773.jpeg 1160w\" sizes=\"(max-width: 2000px) 100vw, 2000px\"><\/div><div class=\"cmsmasters_owl_slider_item cmsmasters_content_slider_item\"><img width=\"2000\" height=\"1333\" src=\"https:\/\/www.fondazioneterzopilastrointernazionale.it\/wp-content\/uploads\/2021\/06\/Alessandro-Benvenuti-Fotografo-15.jpeg\" class=\"attachment-full size-full\" alt=\"\" loading=\"lazy\" srcset=\"https:\/\/www.fondazioneterzopilastrointernazionale.it\/wp-content\/uploads\/2021\/06\/Alessandro-Benvenuti-Fotografo-15.jpeg 2000w, https:\/\/www.fondazioneterzopilastrointernazionale.it\/wp-content\/uploads\/2021\/06\/Alessandro-Benvenuti-Fotografo-15-300x200.jpeg 300w, https:\/\/www.fondazioneterzopilastrointernazionale.it\/wp-content\/uploads\/2021\/06\/Alessandro-Benvenuti-Fotografo-15-1024x682.jpeg 1024w, https:\/\/www.fondazioneterzopilastrointernazionale.it\/wp-content\/uploads\/2021\/06\/Alessandro-Benvenuti-Fotografo-15-768x512.jpeg 768w, https:\/\/www.fondazioneterzopilastrointernazionale.it\/wp-content\/uploads\/2021\/06\/Alessandro-Benvenuti-Fotografo-15-1536x1024.jpeg 1536w, https:\/\/www.fondazioneterzopilastrointernazionale.it\/wp-content\/uploads\/2021\/06\/Alessandro-Benvenuti-Fotografo-15-580x387.jpeg 580w, https:\/\/www.fondazioneterzopilastrointernazionale.it\/wp-content\/uploads\/2021\/06\/Alessandro-Benvenuti-Fotografo-15-860x573.jpeg 860w, https:\/\/www.fondazioneterzopilastrointernazionale.it\/wp-content\/uploads\/2021\/06\/Alessandro-Benvenuti-Fotografo-15-1160x773.jpeg 1160w\" sizes=\"(max-width: 2000px) 100vw, 2000px\"><\/div><div class=\"cmsmasters_owl_slider_item cmsmasters_content_slider_item\"><img width=\"2000\" height=\"1333\" src=\"https:\/\/www.fondazioneterzopilastrointernazionale.it\/wp-content\/uploads\/2021\/06\/Alessandro-Benvenuti-Fotografo-16.jpeg\" class=\"attachment-full size-full\" alt=\"\" loading=\"lazy\" srcset=\"https:\/\/www.fondazioneterzopilastrointernazionale.it\/wp-content\/uploads\/2021\/06\/Alessandro-Benvenuti-Fotografo-16.jpeg 2000w, https:\/\/www.fondazioneterzopilastrointernazionale.it\/wp-content\/uploads\/2021\/06\/Alessandro-Benvenuti-Fotografo-16-300x200.jpeg 300w, https:\/\/www.fondazioneterzopilastrointernazionale.it\/wp-content\/uploads\/2021\/06\/Alessandro-Benvenuti-Fotografo-16-1024x682.jpeg 1024w, https:\/\/www.fondazioneterzopilastrointernazionale.it\/wp-content\/uploads\/2021\/06\/Alessandro-Benvenuti-Fotografo-16-768x512.jpeg 768w, https:\/\/www.fondazioneterzopilastrointernazionale.it\/wp-content\/uploads\/2021\/06\/Alessandro-Benvenuti-Fotografo-16-1536x1024.jpeg 1536w, https:\/\/www.fondazioneterzopilastrointernazionale.it\/wp-content\/uploads\/2021\/06\/Alessandro-Benvenuti-Fotografo-16-580x387.jpeg 580w, https:\/\/www.fondazioneterzopilastrointernazionale.it\/wp-content\/uploads\/2021\/06\/Alessandro-Benvenuti-Fotografo-16-860x573.jpeg 860w, https:\/\/www.fondazioneterzopilastrointernazionale.it\/wp-content\/uploads\/2021\/06\/Alessandro-Benvenuti-Fotografo-16-1160x773.jpeg 1160w\" sizes=\"(max-width: 2000px) 100vw, 2000px\"><\/div><div class=\"cmsmasters_owl_slider_item cmsmasters_content_slider_item\"><img width=\"2000\" height=\"1333\" src=\"https:\/\/www.fondazioneterzopilastrointernazionale.it\/wp-content\/uploads\/2021\/06\/Alessandro-Benvenuti-Fotografo-17.jpeg\" class=\"attachment-full size-full\" alt=\"\" loading=\"lazy\" srcset=\"https:\/\/www.fondazioneterzopilastrointernazionale.it\/wp-content\/uploads\/2021\/06\/Alessandro-Benvenuti-Fotografo-17.jpeg 2000w, https:\/\/www.fondazioneterzopilastrointernazionale.it\/wp-content\/uploads\/2021\/06\/Alessandro-Benvenuti-Fotografo-17-300x200.jpeg 300w, https:\/\/www.fondazioneterzopilastrointernazionale.it\/wp-content\/uploads\/2021\/06\/Alessandro-Benvenuti-Fotografo-17-1024x682.jpeg 1024w, https:\/\/www.fondazioneterzopilastrointernazionale.it\/wp-content\/uploads\/2021\/06\/Alessandro-Benvenuti-Fotografo-17-768x512.jpeg 768w, https:\/\/www.fondazioneterzopilastrointernazionale.it\/wp-content\/uploads\/2021\/06\/Alessandro-Benvenuti-Fotografo-17-1536x1024.jpeg 1536w, https:\/\/www.fondazioneterzopilastrointernazionale.it\/wp-content\/uploads\/2021\/06\/Alessandro-Benvenuti-Fotografo-17-580x387.jpeg 580w, https:\/\/www.fondazioneterzopilastrointernazionale.it\/wp-content\/uploads\/2021\/06\/Alessandro-Benvenuti-Fotografo-17-860x573.jpeg 860w, https:\/\/www.fondazioneterzopilastrointernazionale.it\/wp-content\/uploads\/2021\/06\/Alessandro-Benvenuti-Fotografo-17-1160x773.jpeg 1160w\" sizes=\"(max-width: 2000px) 100vw, 2000px\"><\/div><div class=\"cmsmasters_owl_slider_item cmsmasters_content_slider_item\"><img width=\"2000\" height=\"1333\" src=\"https:\/\/www.fondazioneterzopilastrointernazionale.it\/wp-content\/uploads\/2021\/06\/Alessandro-Benvenuti-Fotografo-18.jpeg\" class=\"attachment-full size-full\" alt=\"\" loading=\"lazy\" srcset=\"https:\/\/www.fondazioneterzopilastrointernazionale.it\/wp-content\/uploads\/2021\/06\/Alessandro-Benvenuti-Fotografo-18.jpeg 2000w, https:\/\/www.fondazioneterzopilastrointernazionale.it\/wp-content\/uploads\/2021\/06\/Alessandro-Benvenuti-Fotografo-18-300x200.jpeg 300w, https:\/\/www.fondazioneterzopilastrointernazionale.it\/wp-content\/uploads\/2021\/06\/Alessandro-Benvenuti-Fotografo-18-1024x682.jpeg 1024w, https:\/\/www.fondazioneterzopilastrointernazionale.it\/wp-content\/uploads\/2021\/06\/Alessandro-Benvenuti-Fotografo-18-768x512.jpeg 768w, https:\/\/www.fondazioneterzopilastrointernazionale.it\/wp-content\/uploads\/2021\/06\/Alessandro-Benvenuti-Fotografo-18-1536x1024.jpeg 1536w, https:\/\/www.fondazioneterzopilastrointernazionale.it\/wp-content\/uploads\/2021\/06\/Alessandro-Benvenuti-Fotografo-18-580x387.jpeg 580w, https:\/\/www.fondazioneterzopilastrointernazionale.it\/wp-content\/uploads\/2021\/06\/Alessandro-Benvenuti-Fotografo-18-860x573.jpeg 860w, https:\/\/www.fondazioneterzopilastrointernazionale.it\/wp-content\/uploads\/2021\/06\/Alessandro-Benvenuti-Fotografo-18-1160x773.jpeg 1160w\" sizes=\"(max-width: 2000px) 100vw, 2000px\"><\/div><div class=\"cmsmasters_owl_slider_item cmsmasters_content_slider_item\"><img width=\"2000\" height=\"1333\" src=\"https:\/\/www.fondazioneterzopilastrointernazionale.it\/wp-content\/uploads\/2021\/06\/Alessandro-Benvenuti-Fotografo-19.jpeg\" class=\"attachment-full size-full\" alt=\"\" loading=\"lazy\" srcset=\"https:\/\/www.fondazioneterzopilastrointernazionale.it\/wp-content\/uploads\/2021\/06\/Alessandro-Benvenuti-Fotografo-19.jpeg 2000w, https:\/\/www.fondazioneterzopilastrointernazionale.it\/wp-content\/uploads\/2021\/06\/Alessandro-Benvenuti-Fotografo-19-300x200.jpeg 300w, https:\/\/www.fondazioneterzopilastrointernazionale.it\/wp-content\/uploads\/2021\/06\/Alessandro-Benvenuti-Fotografo-19-1024x682.jpeg 1024w, https:\/\/www.fondazioneterzopilastrointernazionale.it\/wp-content\/uploads\/2021\/06\/Alessandro-Benvenuti-Fotografo-19-768x512.jpeg 768w, https:\/\/www.fondazioneterzopilastrointernazionale.it\/wp-content\/uploads\/2021\/06\/Alessandro-Benvenuti-Fotografo-19-1536x1024.jpeg 1536w, https:\/\/www.fondazioneterzopilastrointernazionale.it\/wp-content\/uploads\/2021\/06\/Alessandro-Benvenuti-Fotografo-19-580x387.jpeg 580w, https:\/\/www.fondazioneterzopilastrointernazionale.it\/wp-content\/uploads\/2021\/06\/Alessandro-Benvenuti-Fotografo-19-860x573.jpeg 860w, https:\/\/www.fondazioneterzopilastrointernazionale.it\/wp-content\/uploads\/2021\/06\/Alessandro-Benvenuti-Fotografo-19-1160x773.jpeg 1160w\" sizes=\"(max-width: 2000px) 100vw, 2000px\"><\/div><div class=\"cmsmasters_owl_slider_item cmsmasters_content_slider_item\"><img width=\"2000\" height=\"1333\" src=\"https:\/\/www.fondazioneterzopilastrointernazionale.it\/wp-content\/uploads\/2021\/06\/Alessandro-Benvenuti-Fotografo-20.jpeg\" class=\"attachment-full size-full\" alt=\"\" loading=\"lazy\" srcset=\"https:\/\/www.fondazioneterzopilastrointernazionale.it\/wp-content\/uploads\/2021\/06\/Alessandro-Benvenuti-Fotografo-20.jpeg 2000w, https:\/\/www.fondazioneterzopilastrointernazionale.it\/wp-content\/uploads\/2021\/06\/Alessandro-Benvenuti-Fotografo-20-300x200.jpeg 300w, https:\/\/www.fondazioneterzopilastrointernazionale.it\/wp-content\/uploads\/2021\/06\/Alessandro-Benvenuti-Fotografo-20-1024x682.jpeg 1024w, https:\/\/www.fondazioneterzopilastrointernazionale.it\/wp-content\/uploads\/2021\/06\/Alessandro-Benvenuti-Fotografo-20-768x512.jpeg 768w, https:\/\/www.fondazioneterzopilastrointernazionale.it\/wp-content\/uploads\/2021\/06\/Alessandro-Benvenuti-Fotografo-20-1536x1024.jpeg 1536w, https:\/\/www.fondazioneterzopilastrointernazionale.it\/wp-content\/uploads\/2021\/06\/Alessandro-Benvenuti-Fotografo-20-580x387.jpeg 580w, https:\/\/www.fondazioneterzopilastrointernazionale.it\/wp-content\/uploads\/2021\/06\/Alessandro-Benvenuti-Fotografo-20-860x573.jpeg 860w, https:\/\/www.fondazioneterzopilastrointernazionale.it\/wp-content\/uploads\/2021\/06\/Alessandro-Benvenuti-Fotografo-20-1160x773.jpeg 1160w\" sizes=\"(max-width: 2000px) 100vw, 2000px\"><\/div><div class=\"cmsmasters_owl_slider_item cmsmasters_content_slider_item\"><img width=\"2000\" height=\"1333\" src=\"https:\/\/www.fondazioneterzopilastrointernazionale.it\/wp-content\/uploads\/2021\/06\/Alessandro-Benvenuti-Fotografo-21.jpeg\" class=\"attachment-full size-full\" alt=\"\" loading=\"lazy\" srcset=\"https:\/\/www.fondazioneterzopilastrointernazionale.it\/wp-content\/uploads\/2021\/06\/Alessandro-Benvenuti-Fotografo-21.jpeg 2000w, https:\/\/www.fondazioneterzopilastrointernazionale.it\/wp-content\/uploads\/2021\/06\/Alessandro-Benvenuti-Fotografo-21-300x200.jpeg 300w, https:\/\/www.fondazioneterzopilastrointernazionale.it\/wp-content\/uploads\/2021\/06\/Alessandro-Benvenuti-Fotografo-21-1024x682.jpeg 1024w, https:\/\/www.fondazioneterzopilastrointernazionale.it\/wp-content\/uploads\/2021\/06\/Alessandro-Benvenuti-Fotografo-21-768x512.jpeg 768w, https:\/\/www.fondazioneterzopilastrointernazionale.it\/wp-content\/uploads\/2021\/06\/Alessandro-Benvenuti-Fotografo-21-1536x1024.jpeg 1536w, https:\/\/www.fondazioneterzopilastrointernazionale.it\/wp-content\/uploads\/2021\/06\/Alessandro-Benvenuti-Fotografo-21-580x387.jpeg 580w, https:\/\/www.fondazioneterzopilastrointernazionale.it\/wp-content\/uploads\/2021\/06\/Alessandro-Benvenuti-Fotografo-21-860x573.jpeg 860w, https:\/\/www.fondazioneterzopilastrointernazionale.it\/wp-content\/uploads\/2021\/06\/Alessandro-Benvenuti-Fotografo-21-1160x773.jpeg 1160w\" sizes=\"(max-width: 2000px) 100vw, 2000px\"><\/div><\/div>\n<\/div>\n<div class=\"cmsmasters_text\">\n<p style=\"text-align: right;\">Photo credits: Alessandro Benvenuti<\/p>\n<\/div>\n<div class=\"cmsmasters_text\">\n<p class=\"p1 translation-block\">As stated by Prof. Emmanuele F. M. Emanuele, President of the Fondazione Terzo Pilastro - Internazionale, which promotes the exhibition: \u201cQuayola uses algorithms that control the digital world, not only or not simply to create works of art, but rather to examine \u2013 with the infinite opportunities that technology offers him \u2013 the research process that is the foundation of artwork itself, to explore the multitude of possibilities that make creative ideas concrete. He breaks down and fragments, to reorganize and completely rebuild new aesthetic canons. In this innovative and original journey, it is important that Quayola\u2019s constant dialogue with the great masters of classical art is fundamental, such as Raphael, Botticelli, Rubens, and Bernini (whose sketches and preparatory drawings he prefers), because what is unfinished allows him, as he himself admits, to move away from the idea of representation, in order to concentrate on the process. Quayola\u2019s contemporary language, therefore, gives life to an exhibition that I hope will bring traditional purists closer to the new expressive codes which derive from the most current technologies that, far from being aseptic and dehumanized, place themselves at the service of the creative act in all its forms, offering the artist and his audience new tools to explore the ineffable mystery of making art.\u201d<\/p>\n<p class=\"p1 translation-block\">Despite changing the expressive medium used, the common temperament of Quayola\u2019s art, which characterized the past and continues in the present, emerges throughout the exhibition. A reinterpretation of the \u201cclassical\u201d compared with the works of great Masters, reproduced on \u201cdescriptive signs\u201d, not only to facilitate the spectators\u2019 experience but also to act as a guide in the exploration and understanding of the \u201cQuayola code\u201d.<\/p>\n<p class=\"p1\">An essential part of the exhibition, and the maximum expression of Quayola\u2019s innovative and technological ability, is the presentation of his robotic sculptures. In this case, the dialogue with the great artists of the past, and especially with Bernini, is the framework of the development of a never-before-seen sculpture, created with the support of an AI robotic system.<\/p>\n<p class=\"p1 translation-block\">A computational world, often seen at the antipodes of the realm of nature, but one that Quayola reinterprets by demonstrating how Generative Art is perhaps the ideal means for exploring nature itself. His botanical series, such as <em>Jardins d'\u00c9t\u00e9<\/em>, highlights the fascinating, although paradoxical, similarity between the natural and digital worlds.<\/p>\n<p class=\"p1\">In fact, a parallel \u201corganic\u201d process exists both in natural and in algorithmic life: in the two realms, natural and digital, a generative process can be observed, which follows its own logic. With an artificial nature that greatly resembles the natural world, Quayola invents a new form of Impressionism.<\/p>\n<p class=\"p1\">In our digital age, Quayola\u2019s art helps us contemplate and understand the world we live in. By developing works that take on an immaterial form (such as videos), as well as a material form (such as prints or sculptures), the artist enlightens us regarding the paradox of an immateriality that is actually a new form of materiality. The language required to express a vision of the 21<sup>st<\/sup>-century world.<\/p>\n<p class=\"p1 translation-block\">The exhibition, which is promoted by the Fondazione Terzo Pilastro - Internazionale (chaired by Prof. Emmanuele F. M. Emanuele), produced by Poema, with the organizational support of Comediarting and Arthemisia, and curated by J\u00e9r\u00f4me Neutres and Valentino Catrical\u00e0,  fits perfectly in the wake of the plus twenty-year program of Palazzo Cipolla\u2019s exhibition space.  In this venue, the Foundation \u2013 under the wise guidance of its President and his marked sensibility and farsightedness \u2013 has always aimed at investigating the most significant trends and manifestations of art in all its forms, starting from the dutiful study of the eras that have shaped the identity of Italy (Quattrocentro, Baroque) and a research on cultures of distant worlds (imperial China, Japan, India, Soviet Russia, the United States), to arrive at the most important and current examples of national and international Contemporary Art, passing through undisputed protagonists (such as Rockwell, Hopper, Banksy), and the most innovative and prospective instances.<\/p>\n<p class=\"p1\"><b>THE ARTIST<\/b><\/p>\n<p class=\"p1\">Despite his young age, Quayola boasts an international curriculum with exhibitions in major museums, including: V&amp;A Museum, London; Park Avenue Armory, New York; Bozar, Brussels; National Art Center, Tokyo;  UCCA , Beijing; HOW Art Museum, Shanghai; Palais de Tokyo, Paris. He has participated in important Biennials, such as in S\u00e3o Paulo, and festivals like the S\u00f3nar in Barcelona and the Sundance Film Festival in Park City. He has won prestigious awards, such as the Golden Nica at the Ars Electronica Festival.<\/p>\n<p class=\"p2\"><span class=\"Apple-converted-space\">&nbsp;&nbsp;<\/span><\/p>\n<p class=\"p1\">Quayola has also worked on experimental projects with composers, orchestras, and musicians including: London Contemporary Orchestra, Orchestre National Bordeaux Aquitaine, Ensemble Intercontemporain, Vanessa Wagner, Jamie XX, Mira Calix, Plaid, and Tale Of Us.<\/p>\n<\/div>\n<\/div><\/div>\n<\/div>\n<\/div>\n<\/div>\n<\/div>\n<div id=\"cmsmasters_row_yfv53dad60\" class=\"cmsmasters_row cmsmasters_color_scheme_default cmsmasters_row_top_default cmsmasters_row_bot_default cmsmasters_row_boxed\">\n<div class=\"cmsmasters_row_outer_parent\">\n<div class=\"cmsmasters_row_outer\">\n<div class=\"cmsmasters_row_inner\">\n<div class=\"cmsmasters_row_margin\">\n<\/div>\n<\/div>\n<\/div>\n<\/div>\n<\/div><div id=\"cmsmasters_column_jq7g96qn8w\" class=\"cmsmasters_column one_first\">\n<div class=\"cmsmasters_column_inner\"><\/div><\/div><div id=\"cmsmasters_hover_slider_m0kwjdi1yc\" class=\"cmsmasters_hover_slider\" data-thumb-width=\"100\" data-thumb-height=\"60\" data-active-slide=\"1\" data-pause-time=\"5000\" data-pause-on-hover=\"true\"><ul class=\"cmsmasters_hover_slider_items\">\n<li><figure class=\"cmsmasters_hover_slider_full_img\"><img width=\"860\" height=\"575\" src=\"https:\/\/www.fondazioneterzopilastrointernazionale.it\/wp-content\/uploads\/2021\/06\/1-Lacoon_Strata_high-860x575.jpg\" class=\"attachment-post-thumbnail size-post-thumbnail\" alt=\"\" loading=\"lazy\" srcset=\"https:\/\/www.fondazioneterzopilastrointernazionale.it\/wp-content\/uploads\/2021\/06\/1-Lacoon_Strata_high-860x575.jpg 860w, https:\/\/www.fondazioneterzopilastrointernazionale.it\/wp-content\/uploads\/2021\/06\/1-Lacoon_Strata_high-1160x775.jpg 1160w\" sizes=\"(max-width: 860px) 100vw, 860px\"><\/figure><\/li><li><figure class=\"cmsmasters_hover_slider_full_img\"><img width=\"860\" height=\"575\" src=\"https:\/\/www.fondazioneterzopilastrointernazionale.it\/wp-content\/uploads\/2021\/06\/2-Lacoon_low-860x575.jpg\" class=\"attachment-post-thumbnail size-post-thumbnail\" alt=\"\" loading=\"lazy\" srcset=\"https:\/\/www.fondazioneterzopilastrointernazionale.it\/wp-content\/uploads\/2021\/06\/2-Lacoon_low-860x575.jpg 860w, https:\/\/www.fondazioneterzopilastrointernazionale.it\/wp-content\/uploads\/2021\/06\/2-Lacoon_low-1160x775.jpg 1160w\" sizes=\"(max-width: 860px) 100vw, 860px\"><\/figure><\/li><li><figure class=\"cmsmasters_hover_slider_full_img\"><img width=\"860\" height=\"575\" src=\"https:\/\/www.fondazioneterzopilastrointernazionale.it\/wp-content\/uploads\/2021\/06\/3-Iconographies_81_Adoration_after_Botticelli_low-860x575.jpg\" class=\"attachment-post-thumbnail size-post-thumbnail\" alt=\"\" loading=\"lazy\" srcset=\"https:\/\/www.fondazioneterzopilastrointernazionale.it\/wp-content\/uploads\/2021\/06\/3-Iconographies_81_Adoration_after_Botticelli_low-860x575.jpg 860w, https:\/\/www.fondazioneterzopilastrointernazionale.it\/wp-content\/uploads\/2021\/06\/3-Iconographies_81_Adoration_after_Botticelli_low-300x200.jpg 300w, https:\/\/www.fondazioneterzopilastrointernazionale.it\/wp-content\/uploads\/2021\/06\/3-Iconographies_81_Adoration_after_Botticelli_low-1024x683.jpg 1024w, https:\/\/www.fondazioneterzopilastrointernazionale.it\/wp-content\/uploads\/2021\/06\/3-Iconographies_81_Adoration_after_Botticelli_low-768x512.jpg 768w, https:\/\/www.fondazioneterzopilastrointernazionale.it\/wp-content\/uploads\/2021\/06\/3-Iconographies_81_Adoration_after_Botticelli_low-580x387.jpg 580w, https:\/\/www.fondazioneterzopilastrointernazionale.it\/wp-content\/uploads\/2021\/06\/3-Iconographies_81_Adoration_after_Botticelli_low-1160x775.jpg 1160w\" sizes=\"(max-width: 860px) 100vw, 860px\"><\/figure><\/li><li><figure class=\"cmsmasters_hover_slider_full_img\"><img width=\"860\" height=\"575\" src=\"https:\/\/www.fondazioneterzopilastrointernazionale.it\/wp-content\/uploads\/2021\/06\/4-Iconographies_81_Adoration_after_Botticelli_low-860x575.jpg\" class=\"attachment-post-thumbnail size-post-thumbnail\" alt=\"\" loading=\"lazy\"><\/figure><\/li><li><figure class=\"cmsmasters_hover_slider_full_img\"><img width=\"860\" height=\"575\" src=\"https:\/\/www.fondazioneterzopilastrointernazionale.it\/wp-content\/uploads\/2021\/06\/5-Iconographies_20_Tiger_Hunt_after_Rubens_low-860x575.jpg\" class=\"attachment-post-thumbnail size-post-thumbnail\" alt=\"\" loading=\"lazy\" srcset=\"https:\/\/www.fondazioneterzopilastrointernazionale.it\/wp-content\/uploads\/2021\/06\/5-Iconographies_20_Tiger_Hunt_after_Rubens_low-860x575.jpg 860w, https:\/\/www.fondazioneterzopilastrointernazionale.it\/wp-content\/uploads\/2021\/06\/5-Iconographies_20_Tiger_Hunt_after_Rubens_low-1160x775.jpg 1160w\" sizes=\"(max-width: 860px) 100vw, 860px\"><\/figure><\/li><li><figure class=\"cmsmasters_hover_slider_full_img\"><img width=\"860\" height=\"575\" src=\"https:\/\/www.fondazioneterzopilastrointernazionale.it\/wp-content\/uploads\/2021\/06\/6-Iconographies_20_Tiger_Hunt_after_Rubens_low-860x575.jpg\" class=\"attachment-post-thumbnail size-post-thumbnail\" alt=\"\" loading=\"lazy\" srcset=\"https:\/\/www.fondazioneterzopilastrointernazionale.it\/wp-content\/uploads\/2021\/06\/6-Iconographies_20_Tiger_Hunt_after_Rubens_low-860x575.jpg 860w, https:\/\/www.fondazioneterzopilastrointernazionale.it\/wp-content\/uploads\/2021\/06\/6-Iconographies_20_Tiger_Hunt_after_Rubens_low-300x200.jpg 300w, https:\/\/www.fondazioneterzopilastrointernazionale.it\/wp-content\/uploads\/2021\/06\/6-Iconographies_20_Tiger_Hunt_after_Rubens_low-1024x683.jpg 1024w, https:\/\/www.fondazioneterzopilastrointernazionale.it\/wp-content\/uploads\/2021\/06\/6-Iconographies_20_Tiger_Hunt_after_Rubens_low-768x512.jpg 768w, https:\/\/www.fondazioneterzopilastrointernazionale.it\/wp-content\/uploads\/2021\/06\/6-Iconographies_20_Tiger_Hunt_after_Rubens_low-580x387.jpg 580w, https:\/\/www.fondazioneterzopilastrointernazionale.it\/wp-content\/uploads\/2021\/06\/6-Iconographies_20_Tiger_Hunt_after_Rubens_low-1160x775.jpg 1160w\" sizes=\"(max-width: 860px) 100vw, 860px\"><\/figure><\/li><\/ul>\n<\/div><div id=\"cmsmasters_divider_o75fhf62n8\" class=\"cmsmasters_divider cmsmasters_divider_width_long cmsmasters_divider_pos_center\"><\/div><div class=\"cmsmasters_text\">\n<\/div><p>&nbsp;<\/p><\/div>","protected":false},"excerpt":{"rendered":"<p>&nbsp;<\/p>","protected":false},"author":1,"featured_media":18097,"menu_order":0,"template":"","format":"standard","meta":[],"pj-categs":[36,21,35,51],"pj-tags":[],"yoast_head":"<!-- This site is optimized with the Yoast SEO plugin v18.3 - https:\/\/yoast.com\/wordpress\/plugins\/seo\/ -->\n<title>Quayola a Palazzo Cipolla - Fondazione Terzo Pilastro Internazionale<\/title>\n<meta name=\"robots\" content=\"index, follow, max-snippet:-1, max-image-preview:large, max-video-preview:-1\" \/>\n<link rel=\"canonical\" href=\"https:\/\/www.fondazioneterzopilastrointernazionale.it\/en\/project\/quayola-a-palazzo-cipolla\/\" \/>\n<meta property=\"og:locale\" content=\"en_GB\" \/>\n<meta property=\"og:type\" content=\"article\" \/>\n<meta property=\"og:title\" content=\"Quayola a Palazzo Cipolla - Fondazione Terzo Pilastro Internazionale\" \/>\n<meta property=\"og:description\" content=\"&nbsp;\" \/>\n<meta property=\"og:url\" content=\"https:\/\/www.fondazioneterzopilastrointernazionale.it\/en\/project\/quayola-a-palazzo-cipolla\/\" \/>\n<meta property=\"og:site_name\" content=\"Fondazione Terzo Pilastro Internazionale\" \/>\n<meta property=\"article:modified_time\" content=\"2023-05-04T13:34:02+00:00\" \/>\n<meta property=\"og:image\" content=\"https:\/\/www.fondazioneterzopilastrointernazionale.it\/wp-content\/uploads\/2021\/06\/Schermata-2021-07-29-alle-14.49.14.png\" \/>\n\t<meta property=\"og:image:width\" content=\"373\" \/>\n\t<meta property=\"og:image:height\" content=\"400\" \/>\n\t<meta property=\"og:image:type\" content=\"image\/png\" \/>\n<meta name=\"twitter:card\" content=\"summary_large_image\" \/>\n<meta name=\"twitter:label1\" content=\"Estimated reading time\" \/>\n\t<meta name=\"twitter:data1\" content=\"8 minutes\" \/>\n<script type=\"application\/ld+json\" class=\"yoast-schema-graph\">{\"@context\":\"https:\/\/schema.org\",\"@graph\":[{\"@type\":\"WebSite\",\"@id\":\"https:\/\/www.fondazioneterzopilastrointernazionale.it\/#website\",\"url\":\"https:\/\/www.fondazioneterzopilastrointernazionale.it\/\",\"name\":\"Fondazione Terzo Pilastro Internazionale\",\"description\":\"Fondazione Terzo Pilastro Internazionale\",\"potentialAction\":[{\"@type\":\"SearchAction\",\"target\":{\"@type\":\"EntryPoint\",\"urlTemplate\":\"https:\/\/www.fondazioneterzopilastrointernazionale.it\/?s={search_term_string}\"},\"query-input\":\"required name=search_term_string\"}],\"inLanguage\":\"en-GB\"},{\"@type\":\"ImageObject\",\"@id\":\"https:\/\/www.fondazioneterzopilastrointernazionale.it\/project\/quayola-a-palazzo-cipolla\/#primaryimage\",\"inLanguage\":\"en-GB\",\"url\":\"https:\/\/www.fondazioneterzopilastrointernazionale.it\/wp-content\/uploads\/2021\/06\/Schermata-2021-07-29-alle-14.49.14.png\",\"contentUrl\":\"https:\/\/www.fondazioneterzopilastrointernazionale.it\/wp-content\/uploads\/2021\/06\/Schermata-2021-07-29-alle-14.49.14.png\",\"width\":373,\"height\":400},{\"@type\":\"WebPage\",\"@id\":\"https:\/\/www.fondazioneterzopilastrointernazionale.it\/project\/quayola-a-palazzo-cipolla\/#webpage\",\"url\":\"https:\/\/www.fondazioneterzopilastrointernazionale.it\/project\/quayola-a-palazzo-cipolla\/\",\"name\":\"Quayola a Palazzo Cipolla - Fondazione Terzo Pilastro Internazionale\",\"isPartOf\":{\"@id\":\"https:\/\/www.fondazioneterzopilastrointernazionale.it\/#website\"},\"primaryImageOfPage\":{\"@id\":\"https:\/\/www.fondazioneterzopilastrointernazionale.it\/project\/quayola-a-palazzo-cipolla\/#primaryimage\"},\"datePublished\":\"2021-09-27T15:19:28+00:00\",\"dateModified\":\"2023-05-04T13:34:02+00:00\",\"breadcrumb\":{\"@id\":\"https:\/\/www.fondazioneterzopilastrointernazionale.it\/project\/quayola-a-palazzo-cipolla\/#breadcrumb\"},\"inLanguage\":\"en-GB\",\"potentialAction\":[{\"@type\":\"ReadAction\",\"target\":[\"https:\/\/www.fondazioneterzopilastrointernazionale.it\/project\/quayola-a-palazzo-cipolla\/\"]}]},{\"@type\":\"BreadcrumbList\",\"@id\":\"https:\/\/www.fondazioneterzopilastrointernazionale.it\/project\/quayola-a-palazzo-cipolla\/#breadcrumb\",\"itemListElement\":[{\"@type\":\"ListItem\",\"position\":1,\"name\":\"Home\",\"item\":\"https:\/\/www.fondazioneterzopilastrointernazionale.it\/\"},{\"@type\":\"ListItem\",\"position\":2,\"name\":\"Projects\",\"item\":\"https:\/\/www.fondazioneterzopilastrointernazionale.it\/project\/\"},{\"@type\":\"ListItem\",\"position\":3,\"name\":\"Quayola a Palazzo Cipolla\"}]}]}<\/script>\n<!-- \/ Yoast SEO plugin. -->","yoast_head_json":{"title":"Quayola a Palazzo Cipolla - Fondazione Terzo Pilastro Internazionale","robots":{"index":"index","follow":"follow","max-snippet":"max-snippet:-1","max-image-preview":"max-image-preview:large","max-video-preview":"max-video-preview:-1"},"canonical":"https:\/\/www.fondazioneterzopilastrointernazionale.it\/en\/project\/quayola-a-palazzo-cipolla\/","og_locale":"en_GB","og_type":"article","og_title":"Quayola a Palazzo Cipolla - Fondazione Terzo Pilastro Internazionale","og_description":"&nbsp;","og_url":"https:\/\/www.fondazioneterzopilastrointernazionale.it\/en\/project\/quayola-a-palazzo-cipolla\/","og_site_name":"Fondazione Terzo Pilastro Internazionale","article_modified_time":"2023-05-04T13:34:02+00:00","og_image":[{"width":373,"height":400,"url":"https:\/\/www.fondazioneterzopilastrointernazionale.it\/wp-content\/uploads\/2021\/06\/Schermata-2021-07-29-alle-14.49.14.png","type":"image\/png"}],"twitter_card":"summary_large_image","twitter_misc":{"Estimated reading time":"8 minutes"},"schema":{"@context":"https:\/\/schema.org","@graph":[{"@type":"WebSite","@id":"https:\/\/www.fondazioneterzopilastrointernazionale.it\/#website","url":"https:\/\/www.fondazioneterzopilastrointernazionale.it\/","name":"Fondazione Terzo Pilastro Internazionale","description":"Fondazione Terzo Pilastro Internazionale","potentialAction":[{"@type":"SearchAction","target":{"@type":"EntryPoint","urlTemplate":"https:\/\/www.fondazioneterzopilastrointernazionale.it\/?s={search_term_string}"},"query-input":"required name=search_term_string"}],"inLanguage":"en-GB"},{"@type":"ImageObject","@id":"https:\/\/www.fondazioneterzopilastrointernazionale.it\/project\/quayola-a-palazzo-cipolla\/#primaryimage","inLanguage":"en-GB","url":"https:\/\/www.fondazioneterzopilastrointernazionale.it\/wp-content\/uploads\/2021\/06\/Schermata-2021-07-29-alle-14.49.14.png","contentUrl":"https:\/\/www.fondazioneterzopilastrointernazionale.it\/wp-content\/uploads\/2021\/06\/Schermata-2021-07-29-alle-14.49.14.png","width":373,"height":400},{"@type":"WebPage","@id":"https:\/\/www.fondazioneterzopilastrointernazionale.it\/project\/quayola-a-palazzo-cipolla\/#webpage","url":"https:\/\/www.fondazioneterzopilastrointernazionale.it\/project\/quayola-a-palazzo-cipolla\/","name":"Quayola a Palazzo Cipolla - Fondazione Terzo Pilastro Internazionale","isPartOf":{"@id":"https:\/\/www.fondazioneterzopilastrointernazionale.it\/#website"},"primaryImageOfPage":{"@id":"https:\/\/www.fondazioneterzopilastrointernazionale.it\/project\/quayola-a-palazzo-cipolla\/#primaryimage"},"datePublished":"2021-09-27T15:19:28+00:00","dateModified":"2023-05-04T13:34:02+00:00","breadcrumb":{"@id":"https:\/\/www.fondazioneterzopilastrointernazionale.it\/project\/quayola-a-palazzo-cipolla\/#breadcrumb"},"inLanguage":"en-GB","potentialAction":[{"@type":"ReadAction","target":["https:\/\/www.fondazioneterzopilastrointernazionale.it\/project\/quayola-a-palazzo-cipolla\/"]}]},{"@type":"BreadcrumbList","@id":"https:\/\/www.fondazioneterzopilastrointernazionale.it\/project\/quayola-a-palazzo-cipolla\/#breadcrumb","itemListElement":[{"@type":"ListItem","position":1,"name":"Home","item":"https:\/\/www.fondazioneterzopilastrointernazionale.it\/"},{"@type":"ListItem","position":2,"name":"Projects","item":"https:\/\/www.fondazioneterzopilastrointernazionale.it\/project\/"},{"@type":"ListItem","position":3,"name":"Quayola a Palazzo Cipolla"}]}]}},"_links":{"self":[{"href":"https:\/\/www.fondazioneterzopilastrointernazionale.it\/en\/wp-json\/wp\/v2\/project\/17459"}],"collection":[{"href":"https:\/\/www.fondazioneterzopilastrointernazionale.it\/en\/wp-json\/wp\/v2\/project"}],"about":[{"href":"https:\/\/www.fondazioneterzopilastrointernazionale.it\/en\/wp-json\/wp\/v2\/types\/project"}],"author":[{"embeddable":true,"href":"https:\/\/www.fondazioneterzopilastrointernazionale.it\/en\/wp-json\/wp\/v2\/users\/1"}],"version-history":[{"count":15,"href":"https:\/\/www.fondazioneterzopilastrointernazionale.it\/en\/wp-json\/wp\/v2\/project\/17459\/revisions"}],"predecessor-version":[{"id":20298,"href":"https:\/\/www.fondazioneterzopilastrointernazionale.it\/en\/wp-json\/wp\/v2\/project\/17459\/revisions\/20298"}],"wp:featuredmedia":[{"embeddable":true,"href":"https:\/\/www.fondazioneterzopilastrointernazionale.it\/en\/wp-json\/wp\/v2\/media\/18097"}],"wp:attachment":[{"href":"https:\/\/www.fondazioneterzopilastrointernazionale.it\/en\/wp-json\/wp\/v2\/media?parent=17459"}],"wp:term":[{"taxonomy":"pj-categs","embeddable":true,"href":"https:\/\/www.fondazioneterzopilastrointernazionale.it\/en\/wp-json\/wp\/v2\/pj-categs?post=17459"},{"taxonomy":"pj-tags","embeddable":true,"href":"https:\/\/www.fondazioneterzopilastrointernazionale.it\/en\/wp-json\/wp\/v2\/pj-tags?post=17459"}],"curies":[{"name":"wp","href":"https:\/\/api.w.org\/{rel}","templated":true}]}}